{"id":113,"date":"2021-01-31T10:05:00","date_gmt":"2021-01-31T09:05:00","guid":{"rendered":"https:\/\/www.federationdesclubspanhardetlevassor.com\/?page_id=113"},"modified":"2026-03-19T14:09:13","modified_gmt":"2026-03-19T13:09:13","slug":"les-rassemblements-internationals-panhard-et-levassor","status":"publish","type":"page","link":"https:\/\/www.federationdesclubspanhardetlevassor.com\/index.php\/les-rassemblements-internationals-panhard-et-levassor\/","title":{"rendered":"Les Rassemblements Internationaux Panhard et Levassor"},"content":{"rendered":"\n<p>Depuis 1986 les Clubs Panhard et Levassor organisent \u2013chacun \u00e0 son tour\u2013 des Rassemblements Internationaux \u00e0 l&#8217;Europe. Des amateurs de la marque doyenne et ses d\u00e9riv\u00e9es se rassemblent le weekend de Pentec\u00f4te dans toute convivialit\u00e9 pour \u00e9changer des exp\u00e9riences, de rencontrer des amis et pour une rallye en Panhard dans les r\u00e9gions les plus belles d&#8217;Europe. Les Rassemblements \u00e9taient une initiative du Club Allemand. Les Rassemblements sont toujours soutenu par la F\u00e9d\u00e9ration des Clubs Panhard et Levassor.<\/p>\n\n\n\n<figure class=\"wp-block-image size-large\"><img loading=\"lazy\" decoding=\"async\" width=\"1024\" height=\"683\" src=\"https:\/\/www.federationdesclubspanhardetlevassor.com\/wp-content\/uploads\/2021\/01\/MBCF0302-1024x683.jpg\" alt=\"\" class=\"wp-image-217\" srcset=\"https:\/\/www.federationdesclubspanhardetlevassor.com\/wp-content\/uploads\/2021\/01\/MBCF0302-1024x683.jpg 1024w, https:\/\/www.federationdesclubspanhardetlevassor.com\/wp-content\/uploads\/2021\/01\/MBCF0302-300x200.jpg 300w, https:\/\/www.federationdesclubspanhardetlevassor.com\/wp-content\/uploads\/2021\/01\/MBCF0302-768x512.jpg 768w, https:\/\/www.federationdesclubspanhardetlevassor.com\/wp-content\/uploads\/2021\/01\/MBCF0302-1536x1024.jpg 1536w, https:\/\/www.federationdesclubspanhardetlevassor.com\/wp-content\/uploads\/2021\/01\/MBCF0302-2048x1365.jpg 2048w, https:\/\/www.federationdesclubspanhardetlevassor.com\/wp-content\/uploads\/2021\/01\/MBCF0302-1200x800.jpg 1200w, https:\/\/www.federationdesclubspanhardetlevassor.com\/wp-content\/uploads\/2021\/01\/MBCF0302-1980x1320.jpg 1980w\" sizes=\"auto, (max-width: 1024px) 100vw, 1024px\" \/><\/figure>\n\n\n\n<p><em>Ever since 1986 the Clubs Panhard et Levassor organize on their turn International Meetings in Europe. Enthousiasts of the brand and there derivatives come together in the weekend of Pentecost in a friendly warm atmosphere to exchange experiences, to meet friends and for a rallye in their Panhard in the most beautiful regions of Europe. Thesemeetings were an initiative of the German Panhard Club. The International Panhard et Levassor Meetings are subsidized by the F\u00e9d\u00e9ration.<\/em><\/p>\n\n\n\n<figure class=\"wp-block-image size-large\"><img loading=\"lazy\" decoding=\"async\" width=\"1024\" height=\"683\" src=\"https:\/\/www.federationdesclubspanhardetlevassor.com\/wp-content\/uploads\/2021\/01\/PDCF5211-1024x683.jpg\" alt=\"\" class=\"wp-image-219\" srcset=\"https:\/\/www.federationdesclubspanhardetlevassor.com\/wp-content\/uploads\/2021\/01\/PDCF5211-1024x683.jpg 1024w, https:\/\/www.federationdesclubspanhardetlevassor.com\/wp-content\/uploads\/2021\/01\/PDCF5211-300x200.jpg 300w, https:\/\/www.federationdesclubspanhardetlevassor.com\/wp-content\/uploads\/2021\/01\/PDCF5211-768x512.jpg 768w, https:\/\/www.federationdesclubspanhardetlevassor.com\/wp-content\/uploads\/2021\/01\/PDCF5211-1536x1024.jpg 1536w, https:\/\/www.federationdesclubspanhardetlevassor.com\/wp-content\/uploads\/2021\/01\/PDCF5211-2048x1365.jpg 2048w, https:\/\/www.federationdesclubspanhardetlevassor.com\/wp-content\/uploads\/2021\/01\/PDCF5211-1200x800.jpg 1200w, https:\/\/www.federationdesclubspanhardetlevassor.com\/wp-content\/uploads\/2021\/01\/PDCF5211-1980x1320.jpg 1980w\" sizes=\"auto, (max-width: 1024px) 100vw, 1024px\" \/><\/figure>\n\n\n\n<p><\/p>\n\n\n\n<p><strong style=\"white-space: normal;\">2027<\/strong> Ronneby Sweden\/ Panhardklubben Sweden 13-16 aout 2017<\/p>\n\n\n\n<p><strong style=\"white-space: normal;\">2026 <\/strong>Mulhouse, France\/ Dynamic Club Panhard et Levassor\/<\/p>\n\n\n\n<p><strong style=\"white-space: normal;\">2025 <\/strong>Doorn, Pays Bas\/ Panhardclub Nederland\/ <br><strong><a href=\"https:\/\/flic.kr\/s\/aHBqjCiHwH\">Album<\/a><\/strong><\/p>\n\n\n\n<p><strong style=\"white-space: normal;\">2024 <\/strong>Leuven\/Louvain, Belgique\/ Amicale Panhard Belgique\/ <strong><a href=\"https:\/\/flic.kr\/s\/aHBqjCiJf1\">Album<\/a><\/strong><\/p>\n\n\n\n<p><strong>2023 <\/strong>Novara, Italie\/ Club Italiano Panhard<strong>\/<\/strong><\/p>\n\n\n\n<p><strong>2022<\/strong> \u00c4lmhult, Su\u00e8de\/ Panhard Club Sweden\/<a href=\"https:\/\/flic.kr\/s\/aHBqjA9yRn\" data-type=\"URL\" data-id=\"https:\/\/flic.kr\/s\/aHBqjA9yRn\"><strong>Album<\/strong><\/a><\/p>\n\n\n\n<p><strong>2021<\/strong> Obernai, France\/ Dynamic Club Panhard et Levassor\/<strong>D\u00e9port\u00e9 \u00e0 2022 \u00e0 cause de Covid 19<\/strong> <\/p>\n\n\n\n<p><strong>2020<\/strong> \u00c4lmhult, Su\u00e8de\/ Panhard Club Sweden\/ <strong>D\u00e9port\u00e9 \u00e0 2022 \u00e0 cause de Covid 19<\/strong><\/p>\n\n\n\n<p><strong>2019<\/strong> Keravel, France\/ ClubPanhard et Levassor France\/ <a rel=\"noreferrer noopener\" href=\"https:\/\/flic.kr\/s\/aHsmEh3oqQ\" data-type=\"URL\" data-id=\"https:\/\/flic.kr\/s\/aHsmEh3oqQ\" target=\"_blank\"><strong>Album<\/strong><\/a><\/p>\n\n\n\n<p><strong>2018<\/strong> Doorn, Pays Bas\/ Panhardclub Nederland\/ <a rel=\"noreferrer noopener\" href=\"https:\/\/www.flickr.com\/gp\/52193674@N05\/c2v62V\" data-type=\"URL\" data-id=\"https:\/\/www.flickr.com\/gp\/52193674@N05\/c2v62V\" target=\"_blank\"><strong>Album<\/strong><\/a><\/p>\n\n\n\n<p><strong>2017<\/strong> Bamberg, Allemagne\/ Panhard Club Deutschland\/ <a rel=\"noreferrer noopener\" href=\"https:\/\/flic.kr\/s\/aHskXYUeqw\" data-type=\"URL\" data-id=\"https:\/\/flic.kr\/s\/aHskXYUeqw\" target=\"_blank\"><strong>Album<\/strong><\/a><\/p>\n\n\n\n<p><strong>2016<\/strong> Novara, Italie\/ Club Italiano Panhard\/ <a rel=\"noreferrer noopener\" href=\"https:\/\/flic.kr\/s\/aHskFBKnzK\" data-type=\"URL\" data-id=\"https:\/\/flic.kr\/s\/aHskFBKnzK\" target=\"_blank\"><strong>Album<\/strong><\/a><\/p>\n\n\n\n<p><strong>2015<\/strong> Houffalize, Belgique\/ Amicale Panhard de Belgique\/ <a rel=\"noreferrer noopener\" href=\"https:\/\/flic.kr\/s\/aHskcLBpwd\" data-type=\"URL\" data-id=\"https:\/\/flic.kr\/s\/aHskcLBpwd\" target=\"_blank\"><strong>Album<\/strong><\/a><\/p>\n\n\n\n<p><strong>2014<\/strong> Richelieu, France\/ Dynamic Club Panhard et Levassor\/ <a rel=\"noreferrer noopener\" href=\"https:\/\/www.flickr.com\/gp\/52193674@N05\/y970P8\" data-type=\"URL\" data-id=\"https:\/\/www.flickr.com\/gp\/52193674@N05\/y970P8\" target=\"_blank\"><strong>Album<\/strong><\/a><\/p>\n\n\n\n<p><strong>2013<\/strong> Almen, Pays Bas\/ Panhardclub Nederland\/ <a rel=\"noreferrer noopener\" href=\"https:\/\/www.flickr.com\/gp\/52193674@N05\/ZdHA3L\" data-type=\"URL\" data-id=\"https:\/\/www.flickr.com\/gp\/52193674@N05\/ZdHA3L\" target=\"_blank\"><strong>Album<\/strong><\/a><\/p>\n\n\n\n<p><strong>2012<\/strong> Speyer, Allemagne\/ Panhard Club Deutschland\/ <a rel=\"noreferrer noopener\" href=\"https:\/\/www.flickr.com\/gp\/52193674@N05\/0HTTYs\" data-type=\"URL\" data-id=\"https:\/\/www.flickr.com\/gp\/52193674@N05\/0HTTYs\" target=\"_blank\"><strong>Album<\/strong><\/a><\/p>\n\n\n\n<p><strong>2010<\/strong> Helsinki, Finlande\/ Panhard Club Finland\/ <a rel=\"noreferrer noopener\" href=\"https:\/\/www.flickr.com\/gp\/52193674@N05\/ah5Zh1\" data-type=\"URL\" data-id=\"https:\/\/www.flickr.com\/gp\/52193674@N05\/ah5Zh1\" target=\"_blank\"><strong>Album<\/strong><\/a><\/p>\n\n\n\n<p><strong>2009<\/strong> Montelimar, France\/ Dynamic Club Panhard et Levassor\/ <a rel=\"noreferrer noopener\" href=\"https:\/\/www.flickr.com\/gp\/52193674@N05\/52501W\" data-type=\"URL\" data-id=\"https:\/\/www.flickr.com\/gp\/52193674@N05\/52501W\" target=\"_blank\"><strong>Album<\/strong><\/a><\/p>\n\n\n\n<p><strong>2008<\/strong> Rolduc, Pays Bas\/ Panhardclub Nederland\/ <a rel=\"noreferrer noopener\" href=\"https:\/\/www.flickr.com\/gp\/52193674@N05\/9GE501\" data-type=\"URL\" data-id=\"https:\/\/www.flickr.com\/gp\/52193674@N05\/9GE501\" target=\"_blank\"><strong>Album<\/strong><\/a><\/p>\n\n\n\n<p><strong>2007<\/strong> Anvers, Belgique\/ Amicale Panhard de Belgique\/ Album<\/p>\n\n\n\n<p><strong>2006<\/strong> Wimereux, France\/ Cercle Panhard du Haut de France\/ Album<\/p>\n\n\n\n<p><strong>2005<\/strong> Stratford on Avon, Royaume Unie\/ Panhard Club Great Britain\/ Album<\/p>\n\n\n\n<p><strong>2004<\/strong> Baden Baden, Allemagne\/ Panhard Club Deutschland\/ Album<\/p>\n\n\n\n<p><strong>2003<\/strong> Amsterdam, Pays Bas\/ Panhardclub Nederland\/ <a rel=\"noreferrer noopener\" href=\"https:\/\/flic.kr\/s\/aHsmU1vpZv\" data-type=\"URL\" data-id=\"https:\/\/flic.kr\/s\/aHsmU1vpZv\" target=\"_blank\"><strong>Album<\/strong><\/a><\/p>\n\n\n\n<p><strong>2002<\/strong> Leuze en Hinaut, Belgique\/ Amicale Panhard de Belgique\/ Album<\/p>\n\n\n\n<p><strong>2001<\/strong> Cambrai, France\/ Cercle Panhard du Haut de France\/ Album<\/p>\n\n\n\n<p><strong>2000<\/strong> Reims, France\/ Dynamic Club Panhard et Levassor\/ <a rel=\"noreferrer noopener\" href=\"https:\/\/www.flickr.com\/gp\/52193674@N05\/R4pab7\" data-type=\"URL\" data-id=\"https:\/\/www.flickr.com\/gp\/52193674@N05\/R4pab7\" target=\"_blank\"><strong>Album<\/strong><\/a><\/p>\n\n\n\n<p><strong>1999<\/strong> Beaulieu, Royaume Unie\/ Panhard Club Great Britain\/ Album<\/p>\n\n\n\n<p><strong>1998<\/strong> De Moer, Pays Bas\/ Panhardclub Nederland\/ <a rel=\"noreferrer noopener\" href=\"https:\/\/www.flickr.com\/gp\/52193674@N05\/K275q1\" data-type=\"URL\" data-id=\"https:\/\/www.flickr.com\/gp\/52193674@N05\/K275q1\" target=\"_blank\"><strong>Album<\/strong><\/a><\/p>\n\n\n\n<p><strong>1997<\/strong> Marolles en Hurepoix, France\/ Panhard Club France\/ Album<\/p>\n\n\n\n<p><strong>1996<\/strong> Hattingen, Allemagne\/ Panhard Club Deutschland\/ Album<\/p>\n\n\n\n<p><strong>1995<\/strong> Montreuil sur Mer, France\/ Cercle Panhard du Haut de France\/ Album<\/p>\n\n\n\n<p><strong>1994<\/strong> Anh\u00e9e, Belgique\/ Amicale Panhard de Belgique\/ Album<\/p>\n\n\n\n<p><strong>1993<\/strong> Epen, Pays Bas\/ Panhardclub Nederland\/ <a rel=\"noreferrer noopener\" href=\"https:\/\/www.flickr.com\/gp\/52193674@N05\/Nm783G\" data-type=\"URL\" data-id=\"https:\/\/www.flickr.com\/gp\/52193674@N05\/Nm783G\" target=\"_blank\"><strong>Album<\/strong><\/a><\/p>\n\n\n\n<p><strong>1990<\/strong> R\u00f6srath, Allemagne\/ Panhard Club Deutschland\/ Album<\/p>\n\n\n\n<p><strong>1988<\/strong> R\u00f6srath, Allemagne\/ Panhard Club Deutschland\/ Album<\/p>\n\n\n\n<p><strong>1986<\/strong> R\u00f6srath, Allemagne\/ Panhard Club Deutschland\/ Album<\/p>\n\n\n\n<figure class=\"wp-block-image size-large\"><img loading=\"lazy\" decoding=\"async\" width=\"1024\" height=\"683\" src=\"https:\/\/www.federationdesclubspanhardetlevassor.com\/wp-content\/uploads\/2021\/01\/PDCF0104-1024x683.jpg\" alt=\"\" class=\"wp-image-221\" srcset=\"https:\/\/www.federationdesclubspanhardetlevassor.com\/wp-content\/uploads\/2021\/01\/PDCF0104-1024x683.jpg 1024w, https:\/\/www.federationdesclubspanhardetlevassor.com\/wp-content\/uploads\/2021\/01\/PDCF0104-300x200.jpg 300w, https:\/\/www.federationdesclubspanhardetlevassor.com\/wp-content\/uploads\/2021\/01\/PDCF0104-768x512.jpg 768w, https:\/\/www.federationdesclubspanhardetlevassor.com\/wp-content\/uploads\/2021\/01\/PDCF0104-1536x1024.jpg 1536w, https:\/\/www.federationdesclubspanhardetlevassor.com\/wp-content\/uploads\/2021\/01\/PDCF0104-2048x1365.jpg 2048w, https:\/\/www.federationdesclubspanhardetlevassor.com\/wp-content\/uploads\/2021\/01\/PDCF0104-1200x800.jpg 1200w, https:\/\/www.federationdesclubspanhardetlevassor.com\/wp-content\/uploads\/2021\/01\/PDCF0104-1980x1320.jpg 1980w\" sizes=\"auto, (max-width: 1024px) 100vw, 1024px\" \/><\/figure>\n\n\n\n<figure class=\"wp-block-image size-large\"><img loading=\"lazy\" decoding=\"async\" width=\"1024\" height=\"683\" src=\"https:\/\/www.federationdesclubspanhardetlevassor.com\/wp-content\/uploads\/2021\/01\/PDCF0106-1024x683.jpg\" alt=\"\" class=\"wp-image-220\" srcset=\"https:\/\/www.federationdesclubspanhardetlevassor.com\/wp-content\/uploads\/2021\/01\/PDCF0106-1024x683.jpg 1024w, https:\/\/www.federationdesclubspanhardetlevassor.com\/wp-content\/uploads\/2021\/01\/PDCF0106-300x200.jpg 300w, https:\/\/www.federationdesclubspanhardetlevassor.com\/wp-content\/uploads\/2021\/01\/PDCF0106-768x512.jpg 768w, https:\/\/www.federationdesclubspanhardetlevassor.com\/wp-content\/uploads\/2021\/01\/PDCF0106-1536x1024.jpg 1536w, https:\/\/www.federationdesclubspanhardetlevassor.com\/wp-content\/uploads\/2021\/01\/PDCF0106-2048x1365.jpg 2048w, https:\/\/www.federationdesclubspanhardetlevassor.com\/wp-content\/uploads\/2021\/01\/PDCF0106-1200x800.jpg 1200w, https:\/\/www.federationdesclubspanhardetlevassor.com\/wp-content\/uploads\/2021\/01\/PDCF0106-1980x1320.jpg 1980w\" sizes=\"auto, (max-width: 1024px) 100vw, 1024px\" \/><\/figure>\n\n\n\n<p><\/p>\n","protected":false},"excerpt":{"rendered":"<p>Depuis 1986 les Clubs Panhard et Levassor organisent \u2013chacun \u00e0 son tour\u2013 des Rassemblements Internationaux \u00e0 l&#8217;Europe. Des amateurs de la marque doyenne et ses d\u00e9riv\u00e9es se rassemblent le weekend de Pentec\u00f4te dans toute convivialit\u00e9 pour \u00e9changer des exp\u00e9riences, de rencontrer des amis et pour une rallye en Panhard dans les r\u00e9gions les plus belles [&hellip;]<\/p>\n","protected":false},"author":2,"featured_media":0,"parent":0,"menu_order":0,"comment_status":"closed","ping_status":"closed","template":"","meta":{"footnotes":""},"class_list":["post-113","page","type-page","status-publish","hentry"],"_links":{"self":[{"href":"https:\/\/www.federationdesclubspanhardetlevassor.com\/index.php\/wp-json\/wp\/v2\/pages\/113","targetHints":{"allow":["GET"]}}],"collection":[{"href":"https:\/\/www.federationdesclubspanhardetlevassor.com\/index.php\/wp-json\/wp\/v2\/pages"}],"about":[{"href":"https:\/\/www.federationdesclubspanhardetlevassor.com\/index.php\/wp-json\/wp\/v2\/types\/page"}],"author":[{"embeddable":true,"href":"https:\/\/www.federationdesclubspanhardetlevassor.com\/index.php\/wp-json\/wp\/v2\/users\/2"}],"replies":[{"embeddable":true,"href":"https:\/\/www.federationdesclubspanhardetlevassor.com\/index.php\/wp-json\/wp\/v2\/comments?post=113"}],"version-history":[{"count":24,"href":"https:\/\/www.federationdesclubspanhardetlevassor.com\/index.php\/wp-json\/wp\/v2\/pages\/113\/revisions"}],"predecessor-version":[{"id":422,"href":"https:\/\/www.federationdesclubspanhardetlevassor.com\/index.php\/wp-json\/wp\/v2\/pages\/113\/revisions\/422"}],"wp:attachment":[{"href":"https:\/\/www.federationdesclubspanhardetlevassor.com\/index.php\/wp-json\/wp\/v2\/media?parent=113"}],"curies":[{"name":"wp","href":"https:\/\/api.w.org\/{rel}","templated":true}]}}